{"id":4299,"date":"2011-12-11T20:17:32","date_gmt":"2011-12-11T19:17:32","guid":{"rendered":"https:\/\/irenepublishing.com\/product\/i-det-som-synes-ske\/"},"modified":"2025-11-20T16:14:56","modified_gmt":"2025-11-20T15:14:56","slug":"i-det-som-synes-ske","status":"publish","type":"product","link":"https:\/\/irenepublishing.com\/sv\/produkt\/i-det-som-synes-ske\/","title":{"rendered":"I det som synes ske"},"content":{"rendered":"<p>Ola Friholt, f\u00f6dd 1937 och uppvuxen i fiskel\u00e4get Stocken p\u00e5 Orust. Efter studier och n\u00e5gra \u00e5r som spr\u00e5kl\u00e4rare arbetade han som volont\u00e4r i ett slumomr\u00e5de i Madras\/Chennai och i en by i Indien och en tid i en by i Bangladesh. Hemma har han resten av livet frilansat som aktivist, skribent och f\u00f6rel\u00e4sare om fred, konflikter och solidaritet, mestadels tillsammans med sin fru Erni. \u00c5ter p\u00e5 sin f\u00f6delseort \u00e4r han fortsatt aktiv i Fredsr\u00f6relsen p\u00e5 Orust och i solidaritetsarbetet i Indien med Jagriti Viharas V\u00e4nner.<\/p>\n<p>Med Erni drev han i 21 \u00e5r hemma p\u00e5 bryggan ett solidariskt sommarcaf\u00e9 byggt p\u00e5 r\u00e4ttvis handel och lokala r\u00e5varor\u00a0under\u00a0devisen ?T\u00e4nk globalt ? handla lokalt?. Han f\u00f6ljer ocks\u00e5 Gandhis tes: ?Det finns ingen v\u00e4g till fred. Fred \u00e4r v\u00e4gen.?<\/p>\n<p>I sin sj\u00f6bod st\u00e4ller han ut sina oljem\u00e5lningar varje sommar. Dit h\u00f6r ocks\u00e5 omslagsbilden. P\u00e5 prosa har han bl a medverkat i antologier om utveckling och med Erni skrivit boken ?Med ansiktet mot vinden. Om kamp f\u00f6r livet i Indien och Sverige?.<\/p>\n<p>Ett livsl\u00e5ngt lyrikintresse har lett till eget diktande i\u00a0form\u00a0av samh\u00e4llskritik ofta framf\u00f6rd p\u00e5 de klassiska versm\u00e5tten femfotad blankvers och hexameter.<\/p>\n","protected":false},"excerpt":{"rendered":"<p>Ola Friholt, f\u00f6dd 1937 och uppvuxen i fiskel\u00e4get Stocken p\u00e5 Orust. Efter studier och n\u00e5gra \u00e5r som spr\u00e5kl\u00e4rare arbetade han som volont\u00e4r i ett slumomr\u00e5de i Madras\/Chennai och i en by i Indien och en tid i en by i Bangladesh. Hemma har han resten av livet frilansat som aktivist, skribent och f\u00f6rel\u00e4sare om fred, konflikter och solidaritet, mestadels tillsammans med sin fru Erni. \u00c5ter p\u00e5 sin f\u00f6delseort \u00e4r han fortsatt aktiv i Fredsr\u00f6relsen p\u00e5 Orust och i solidaritetsarbetet i Indien med Jagriti Viharas V\u00e4nner.<\/p>\n","protected":false},"featured_media":2058,"comment_status":"open","ping_status":"closed","template":"","meta":{"site-sidebar-layout":"default","site-content-layout":"default","ast-site-content-layout":"default","site-content-style":"default","site-sidebar-style":"default","ast-global-header-display":"","ast-banner-title-visibility":"","ast-main-header-display":"","ast-hfb-above-header-display":"","ast-hfb-below-header-display":"","ast-hfb-mobile-header-display":"","site-post-title":"","ast-breadcrumbs-content":"","ast-featured-img":"","footer-sml-layout":"","theme-transparent-header-meta":"default","adv-header-id-meta":"","stick-header-meta":"","header-above-stick-meta":"","header-main-stick-meta":"","header-below-stick-meta":"","astra-migrate-meta-layouts":"set","ast-page-background-enabled":"default","ast-page-background-meta":{"desktop":{"background-color":"var(--ast-global-color-4)","background-image":"","background-repeat":"repeat","background-position":"center center","background-size":"auto","background-attachment":"scroll","background-type":"","background-media":"","overlay-type":"","overlay-color":"","overlay-opacity":"","overlay-gradient":""},"tablet":{"background-color":"","background-image":"","background-repeat":"repeat","background-position":"center center","background-size":"auto","background-attachment":"scroll","background-type":"","background-media":"","overlay-type":"","overlay-color":"","overlay-opacity":"","overlay-gradient":""},"mobile":{"background-color":"","background-image":"","background-repeat":"repeat","background-position":"center center","background-size":"auto","background-attachment":"scroll","background-type":"","background-media":"","overlay-type":"","overlay-color":"","overlay-opacity":"","overlay-gradient":""}},"ast-content-background-meta":{"desktop":{"background-color":"var(--ast-global-color-5)","background-image":"","background-repeat":"repeat","background-position":"center center","background-size":"auto","background-attachment":"scroll","background-type":"","background-media":"","overlay-type":"","overlay-color":"","overlay-opacity":"","overlay-gradient":""},"tablet":{"background-color":"var(--ast-global-color-5)","background-image":"","background-repeat":"repeat","background-position":"center center","background-size":"auto","background-attachment":"scroll","background-type":"","background-media":"","overlay-type":"","overlay-color":"","overlay-opacity":"","overlay-gradient":""},"mobile":{"background-color":"var(--ast-global-color-5)","background-image":"","background-repeat":"repeat","background-position":"center center","background-size":"auto","background-attachment":"scroll","background-type":"","background-media":"","overlay-type":"","overlay-color":"","overlay-opacity":"","overlay-gradient":""}}},"product_brand":[],"product_cat":[290],"product_tag":[],"class_list":{"0":"post-4299","1":"product","2":"type-product","3":"status-publish","4":"has-post-thumbnail","6":"product_cat-books","7":"pa_format-mjukinbindning","8":"pa_genre-poesi","9":"pa_language-svenska","10":"pa_publication-year-2011-sv","11":"pa_writer-ola-friholt-sv","12":"desktop-align-center","13":"tablet-align-left","14":"mobile-align-left","15":"ast-product-gallery-layout-horizontal-slider","16":"ast-product-gallery-with-no-image","17":"ast-product-tabs-layout-distributed","19":"first","20":"instock","21":"shipping-taxable","22":"purchasable","23":"product-type-simple"},"_links":{"self":[{"href":"https:\/\/irenepublishing.com\/sv\/wp-json\/wp\/v2\/product\/4299","targetHints":{"allow":["GET"]}}],"collection":[{"href":"https:\/\/irenepublishing.com\/sv\/wp-json\/wp\/v2\/product"}],"about":[{"href":"https:\/\/irenepublishing.com\/sv\/wp-json\/wp\/v2\/types\/product"}],"replies":[{"embeddable":true,"href":"https:\/\/irenepublishing.com\/sv\/wp-json\/wp\/v2\/comments?post=4299"}],"version-history":[{"count":1,"href":"https:\/\/irenepublishing.com\/sv\/wp-json\/wp\/v2\/product\/4299\/revisions"}],"predecessor-version":[{"id":4384,"href":"https:\/\/irenepublishing.com\/sv\/wp-json\/wp\/v2\/product\/4299\/revisions\/4384"}],"wp:featuredmedia":[{"embeddable":true,"href":"https:\/\/irenepublishing.com\/sv\/wp-json\/wp\/v2\/media\/2058"}],"wp:attachment":[{"href":"https:\/\/irenepublishing.com\/sv\/wp-json\/wp\/v2\/media?parent=4299"}],"wp:term":[{"taxonomy":"product_brand","embeddable":true,"href":"https:\/\/irenepublishing.com\/sv\/wp-json\/wp\/v2\/product_brand?post=4299"},{"taxonomy":"product_cat","embeddable":true,"href":"https:\/\/irenepublishing.com\/sv\/wp-json\/wp\/v2\/product_cat?post=4299"},{"taxonomy":"product_tag","embeddable":true,"href":"https:\/\/irenepublishing.com\/sv\/wp-json\/wp\/v2\/product_tag?post=4299"}],"curies":[{"name":"wp","href":"https:\/\/api.w.org\/{rel}","templated":true}]}}